{"id":182,"date":"2017-01-14T10:34:28","date_gmt":"2017-01-14T09:34:28","guid":{"rendered":"https:\/\/stemarie-derval.fr\/?page_id=182"},"modified":"2024-01-17T10:36:41","modified_gmt":"2024-01-17T09:36:41","slug":"presentation","status":"publish","type":"page","link":"https:\/\/stemarie-derval.fr\/?page_id=182","title":{"rendered":"Pr\u00e9sentation"},"content":{"rendered":"<div id=\"pl-182\"  class=\"panel-layout\" ><div id=\"pg-182-0\"  class=\"panel-grid panel-no-style\" ><div id=\"pgc-182-0-0\"  class=\"panel-grid-cell\" ><div id=\"panel-182-0-0-0\" class=\"so-panel widget widget_sow-editor panel-first-child panel-last-child\" data-index=\"0\" ><div class=\"panel-widget-style panel-widget-style-for-182-0-0-0\" ><div\n\t\t\t\n\t\t\tclass=\"so-widget-sow-editor so-widget-sow-editor-base\"\n\t\t\t\n\t\t>\n<div class=\"siteorigin-widget-tinymce textwidget\">\n\t<h1 style=\"text-align: center;\"><span style=\"color: #000000;\"><strong>Historique<\/strong><\/span><\/h1>\n<p><span style=\"color: #000000;\"><img loading=\"lazy\" decoding=\"async\" class=\"aligncenter wp-image-614\" src=\"https:\/\/stemarie-derval.fr\/wp-content\/uploads\/2017\/01\/le-temps-qui-passe-300x217.jpg\" alt=\"\" width=\"367\" height=\"265\" srcset=\"https:\/\/stemarie-derval.fr\/wp-content\/uploads\/2017\/01\/le-temps-qui-passe-300x217.jpg 300w, https:\/\/stemarie-derval.fr\/wp-content\/uploads\/2017\/01\/le-temps-qui-passe-768x555.jpg 768w, https:\/\/stemarie-derval.fr\/wp-content\/uploads\/2017\/01\/le-temps-qui-passe-1024x740.jpg 1024w, https:\/\/stemarie-derval.fr\/wp-content\/uploads\/2017\/01\/le-temps-qui-passe.jpg 1200w\" sizes=\"(max-width: 367px) 100vw, 367px\" \/><\/span><\/p>\n<h4 style=\"text-align: center;\"><strong><span style=\"color: #000000;\">L'\u00e9cole Sainte Marie a 168 ans !<\/span><\/strong><\/h4>\n<h4 style=\"text-align: justify;\"><span style=\"color: #000000;\">Elle fut ouverte le 4 novembre 1855 par le cur\u00e9 de l'\u00e9poque, l'abb\u00e9 Achille Fratel. L'\u00e9cole \u00e9tait alors dirig\u00e9e par les S\u0153urs de Saint Gildas des Bois. Elle comprenait 3 classes et une maison pour y loger les s\u0153urs. La premi\u00e8re directrice fut S\u0153ur de l'Enfant J\u00e9sus, elle enseignait avec S\u0153ur Philibert et S\u0153ur Anatolie \u00e9tait charg\u00e9e de la cuisine et des services.<\/span><\/h4>\n<h4 style=\"text-align: justify;\"><span style=\"color: #000000;\">A cette \u00e9poque, l'\u00e9cole \u00e9tait une \u00e9cole de filles.<\/span><\/h4>\n<h4 style=\"text-align: justify;\"><span style=\"color: #000000;\">Il faudra attendre 1972 pour que l'\u00e9cole devienne mixte, r\u00e9unissant filles et gar\u00e7ons !<\/span><\/h4>\n<p>...<\/p>\n<\/div>\n<\/div><\/div><\/div><\/div><\/div><div id=\"pg-182-1\"  class=\"panel-grid panel-no-style\" ><div id=\"pgc-182-1-0\"  class=\"panel-grid-cell panel-grid-cell-empty\" ><\/div><\/div><\/div>","protected":false},"excerpt":{"rendered":"<p>Historique L&rsquo;\u00e9cole Sainte Marie a 168 ans ! Elle fut ouverte le 4 novembre 1855 par le cur\u00e9 de l&rsquo;\u00e9poque, l&rsquo;abb\u00e9 Achille Fratel. L&rsquo;\u00e9cole \u00e9tait alors dirig\u00e9e par les S\u0153urs de Saint Gildas des Bois. Elle comprenait 3 classes et une maison pour y loger les s\u0153urs. La premi\u00e8re directrice fut S\u0153ur de l&rsquo;Enfant J\u00e9sus,<\/p>\n<p><a href=\"https:\/\/stemarie-derval.fr\/?page_id=182\" class=\"more-link themebutton\">Lire la suite<\/a><\/p>\n","protected":false},"author":2,"featured_media":0,"parent":0,"menu_order":0,"comment_status":"closed","ping_status":"closed","template":"","meta":{"footnotes":""},"_links":{"self":[{"href":"https:\/\/stemarie-derval.fr\/index.php?rest_route=\/wp\/v2\/pages\/182"}],"collection":[{"href":"https:\/\/stemarie-derval.fr\/index.php?rest_route=\/wp\/v2\/pages"}],"about":[{"href":"https:\/\/stemarie-derval.fr\/index.php?rest_route=\/wp\/v2\/types\/page"}],"author":[{"embeddable":true,"href":"https:\/\/stemarie-derval.fr\/index.php?rest_route=\/wp\/v2\/users\/2"}],"replies":[{"embeddable":true,"href":"https:\/\/stemarie-derval.fr\/index.php?rest_route=%2Fwp%2Fv2%2Fcomments&post=182"}],"version-history":[{"count":11,"href":"https:\/\/stemarie-derval.fr\/index.php?rest_route=\/wp\/v2\/pages\/182\/revisions"}],"predecessor-version":[{"id":4804,"href":"https:\/\/stemarie-derval.fr\/index.php?rest_route=\/wp\/v2\/pages\/182\/revisions\/4804"}],"wp:attachment":[{"href":"https:\/\/stemarie-derval.fr\/index.php?rest_route=%2Fwp%2Fv2%2Fmedia&parent=182"}],"curies":[{"name":"wp","href":"https:\/\/api.w.org\/{rel}","templated":true}]}}